{"id":1406,"date":"2015-10-12T15:09:27","date_gmt":"2015-10-12T14:09:27","guid":{"rendered":"http:\/\/www.icons-art.com\/2009\/?page_id=1406"},"modified":"2015-10-12T15:16:11","modified_gmt":"2015-10-12T14:16:11","slug":"ikonenkalender-2016","status":"publish","type":"page","link":"https:\/\/www.icons-art.com\/2009\/verlag-publishing-house\/ikonenkalender-2016\/","title":{"rendered":"Ikonenkalender 2016"},"content":{"rendered":"<p>13 Farbbilder, kurze Beschreibungen<br \/>\n29,7 x 21 cm (DIN A4)<\/p>\n<p>Preis: EUR 8,50 zuz\u00fcgl. Versandkosten, incl. Mehrwertsteuer<\/p>\n<p><a class=\"shutterset_\" title=\" \" href=\"http:\/\/www.icons-art.com\/2009\/wp-content\/uploads\/sites\/1\/nggallery\/verlag-ikonenkalender-2016\/150721_ikonenkalender_2016-1.jpg\" data-image-id=\"903\" data-src=\"http:\/\/www.icons-art.com\/2009\/wp-content\/uploads\/sites\/1\/nggallery\/verlag-ikonenkalender-2016\/150721_ikonenkalender_2016-1.jpg\" data-thumbnail=\"http:\/\/www.icons-art.com\/2009\/wp-content\/uploads\/sites\/1\/nggallery\/verlag-ikonenkalender-2016\/thumbs\/thumbs_150721_ikonenkalender_2016-1.jpg\" data-title=\"Ikonenkalender_2016\" data-description=\" \"><img decoding=\"async\" class=\"ngg-singlepic ngg-none\" src=\"http:\/\/www.icons-art.com\/2009\/wp-content\/uploads\/sites\/1\/nggallery\/verlag-ikonenkalender-2016\/thumbs\/thumbs_150721_ikonenkalender_2016-1.jpg\" alt=\"Ikonenkalender_2016\" \/><\/a><\/p>\n<p><a href=\"mailto:info@icons-art.com?Subject=Bestellung%20Ikonenkalender%202016\">Kaufen<\/a><\/p>\n<p>Das ideale Geschenk f\u00fcr Freunde der Ikonenkunst!<\/p>\n<p><!-- index.php -->\n<div\n\tclass=\"ngg-galleryoverview ngg-ajax-pagination-none\"\n\tid=\"ngg-gallery-1407-1\">\n\n    \t\t<!-- Thumbnails -->\n\t\t\t\t<div id=\"ngg-image-0\" class=\"ngg-gallery-thumbnail-box\" >\n\t\t\t\t        <div class=\"ngg-gallery-thumbnail\">\n            <a href=\"https:\/\/www.icons-art.com\/2009\/wp-content\/uploads\/sites\/1\/nggallery\/verlag-ikonenkalender-2016\/150721_ikonenkalender_2016-1.jpg\"\n               title=\"\"\n               data-src=\"https:\/\/www.icons-art.com\/2009\/wp-content\/uploads\/sites\/1\/nggallery\/verlag-ikonenkalender-2016\/150721_ikonenkalender_2016-1.jpg\"\n               data-thumbnail=\"https:\/\/www.icons-art.com\/2009\/wp-content\/uploads\/sites\/1\/nggallery\/verlag-ikonenkalender-2016\/thumbs\/thumbs_150721_ikonenkalender_2016-1.jpg\"\n               data-image-id=\"903\"\n               data-title=\"Ikonenkalender_2016\"\n               data-description=\"\"\n               data-image-slug=\"ikonenkalender_2016-11\"\n               class=\"shutterset_1407\">\n                <img\n                    title=\"Ikonenkalender_2016\"\n                    alt=\"Ikonenkalender_2016\"\n                    src=\"https:\/\/www.icons-art.com\/2009\/wp-content\/uploads\/sites\/1\/nggallery\/verlag-ikonenkalender-2016\/cache\/150721_ikonenkalender_2016-1.jpg-nggid03903-ngg0dyn-100x150x100-00f0w010c010r110f110r010t010.jpg\"\n                    width=\"100\"\n                    height=\"141\"\n                    style=\"max-width:100%;\"\n                \/>\n            <\/a>\n        <\/div>\n\t\t\t\t\t\t\t<\/div> \n\t\t\t\n                            \n\t\t\t\t<div id=\"ngg-image-1\" class=\"ngg-gallery-thumbnail-box\" >\n\t\t\t\t        <div class=\"ngg-gallery-thumbnail\">\n            <a href=\"https:\/\/www.icons-art.com\/2009\/wp-content\/uploads\/sites\/1\/nggallery\/verlag-ikonenkalender-2016\/150721_ikonenkalender_2016-2.jpg\"\n               title=\"\"\n               data-src=\"https:\/\/www.icons-art.com\/2009\/wp-content\/uploads\/sites\/1\/nggallery\/verlag-ikonenkalender-2016\/150721_ikonenkalender_2016-2.jpg\"\n               data-thumbnail=\"https:\/\/www.icons-art.com\/2009\/wp-content\/uploads\/sites\/1\/nggallery\/verlag-ikonenkalender-2016\/thumbs\/thumbs_150721_ikonenkalender_2016-2.jpg\"\n               data-image-id=\"908\"\n               data-title=\"Ikonenkalender_2016\"\n               data-description=\"\"\n               data-image-slug=\"ikonenkalender_2016-16\"\n               class=\"shutterset_1407\">\n                <img\n                    title=\"Ikonenkalender_2016\"\n                    alt=\"Ikonenkalender_2016\"\n                    src=\"https:\/\/www.icons-art.com\/2009\/wp-content\/uploads\/sites\/1\/nggallery\/verlag-ikonenkalender-2016\/cache\/150721_ikonenkalender_2016-2.jpg-nggid03908-ngg0dyn-100x150x100-00f0w010c010r110f110r010t010.jpg\"\n                    width=\"100\"\n                    height=\"141\"\n                    style=\"max-width:100%;\"\n                \/>\n            <\/a>\n        <\/div>\n\t\t\t\t\t\t\t<\/div> \n\t\t\t\n                            \n\t\t\t\t<div id=\"ngg-image-2\" class=\"ngg-gallery-thumbnail-box\" >\n\t\t\t\t        <div class=\"ngg-gallery-thumbnail\">\n            <a href=\"https:\/\/www.icons-art.com\/2009\/wp-content\/uploads\/sites\/1\/nggallery\/verlag-ikonenkalender-2016\/150721_ikonenkalender_2016-3.jpg\"\n               title=\"\"\n               data-src=\"https:\/\/www.icons-art.com\/2009\/wp-content\/uploads\/sites\/1\/nggallery\/verlag-ikonenkalender-2016\/150721_ikonenkalender_2016-3.jpg\"\n               data-thumbnail=\"https:\/\/www.icons-art.com\/2009\/wp-content\/uploads\/sites\/1\/nggallery\/verlag-ikonenkalender-2016\/thumbs\/thumbs_150721_ikonenkalender_2016-3.jpg\"\n               data-image-id=\"909\"\n               data-title=\"Ikonenkalender_2016\"\n               data-description=\"\"\n               data-image-slug=\"ikonenkalender_2016-17\"\n               class=\"shutterset_1407\">\n                <img\n                    title=\"Ikonenkalender_2016\"\n                    alt=\"Ikonenkalender_2016\"\n                    src=\"https:\/\/www.icons-art.com\/2009\/wp-content\/uploads\/sites\/1\/nggallery\/verlag-ikonenkalender-2016\/cache\/150721_ikonenkalender_2016-3.jpg-nggid03909-ngg0dyn-100x150x100-00f0w010c010r110f110r010t010.jpg\"\n                    width=\"100\"\n                    height=\"141\"\n                    style=\"max-width:100%;\"\n                \/>\n            <\/a>\n        <\/div>\n\t\t\t\t\t\t\t<\/div> \n\t\t\t\n                            \n\t\t\t\t<div id=\"ngg-image-3\" class=\"ngg-gallery-thumbnail-box\" >\n\t\t\t\t        <div class=\"ngg-gallery-thumbnail\">\n            <a href=\"https:\/\/www.icons-art.com\/2009\/wp-content\/uploads\/sites\/1\/nggallery\/verlag-ikonenkalender-2016\/150721_ikonenkalender_2016-4.jpg\"\n               title=\"\"\n               data-src=\"https:\/\/www.icons-art.com\/2009\/wp-content\/uploads\/sites\/1\/nggallery\/verlag-ikonenkalender-2016\/150721_ikonenkalender_2016-4.jpg\"\n               data-thumbnail=\"https:\/\/www.icons-art.com\/2009\/wp-content\/uploads\/sites\/1\/nggallery\/verlag-ikonenkalender-2016\/thumbs\/thumbs_150721_ikonenkalender_2016-4.jpg\"\n               data-image-id=\"910\"\n               data-title=\"Ikonenkalender_2016\"\n               data-description=\"\"\n               data-image-slug=\"ikonenkalender_2016-18\"\n               class=\"shutterset_1407\">\n                <img\n                    title=\"Ikonenkalender_2016\"\n                    alt=\"Ikonenkalender_2016\"\n                    src=\"https:\/\/www.icons-art.com\/2009\/wp-content\/uploads\/sites\/1\/nggallery\/verlag-ikonenkalender-2016\/cache\/150721_ikonenkalender_2016-4.jpg-nggid03910-ngg0dyn-100x150x100-00f0w010c010r110f110r010t010.jpg\"\n                    width=\"100\"\n                    height=\"141\"\n                    style=\"max-width:100%;\"\n                \/>\n            <\/a>\n        <\/div>\n\t\t\t\t\t\t\t<\/div> \n\t\t\t\n                            \n\t\t\t\t<div id=\"ngg-image-4\" class=\"ngg-gallery-thumbnail-box\" >\n\t\t\t\t        <div class=\"ngg-gallery-thumbnail\">\n            <a href=\"https:\/\/www.icons-art.com\/2009\/wp-content\/uploads\/sites\/1\/nggallery\/verlag-ikonenkalender-2016\/150721_ikonenkalender_2016-5.jpg\"\n               title=\"\"\n               data-src=\"https:\/\/www.icons-art.com\/2009\/wp-content\/uploads\/sites\/1\/nggallery\/verlag-ikonenkalender-2016\/150721_ikonenkalender_2016-5.jpg\"\n               data-thumbnail=\"https:\/\/www.icons-art.com\/2009\/wp-content\/uploads\/sites\/1\/nggallery\/verlag-ikonenkalender-2016\/thumbs\/thumbs_150721_ikonenkalender_2016-5.jpg\"\n               data-image-id=\"911\"\n               data-title=\"Ikonenkalender_2016\"\n               data-description=\"\"\n               data-image-slug=\"ikonenkalender_2016-19\"\n               class=\"shutterset_1407\">\n                <img\n                    title=\"Ikonenkalender_2016\"\n                    alt=\"Ikonenkalender_2016\"\n                    src=\"https:\/\/www.icons-art.com\/2009\/wp-content\/uploads\/sites\/1\/nggallery\/verlag-ikonenkalender-2016\/cache\/150721_ikonenkalender_2016-5.jpg-nggid03911-ngg0dyn-100x150x100-00f0w010c010r110f110r010t010.jpg\"\n                    width=\"100\"\n                    height=\"141\"\n                    style=\"max-width:100%;\"\n                \/>\n            <\/a>\n        <\/div>\n\t\t\t\t\t\t\t<\/div> \n\t\t\t\n                                    <br style=\"clear: both\" \/>\n                    \n\t\t\t\t<div id=\"ngg-image-5\" class=\"ngg-gallery-thumbnail-box\" >\n\t\t\t\t        <div class=\"ngg-gallery-thumbnail\">\n            <a href=\"https:\/\/www.icons-art.com\/2009\/wp-content\/uploads\/sites\/1\/nggallery\/verlag-ikonenkalender-2016\/150721_ikonenkalender_2016-6.jpg\"\n               title=\"\"\n               data-src=\"https:\/\/www.icons-art.com\/2009\/wp-content\/uploads\/sites\/1\/nggallery\/verlag-ikonenkalender-2016\/150721_ikonenkalender_2016-6.jpg\"\n               data-thumbnail=\"https:\/\/www.icons-art.com\/2009\/wp-content\/uploads\/sites\/1\/nggallery\/verlag-ikonenkalender-2016\/thumbs\/thumbs_150721_ikonenkalender_2016-6.jpg\"\n               data-image-id=\"912\"\n               data-title=\"Ikonenkalender_2016\"\n               data-description=\"\"\n               data-image-slug=\"ikonenkalender_2016-20\"\n               class=\"shutterset_1407\">\n                <img\n                    title=\"Ikonenkalender_2016\"\n                    alt=\"Ikonenkalender_2016\"\n                    src=\"https:\/\/www.icons-art.com\/2009\/wp-content\/uploads\/sites\/1\/nggallery\/verlag-ikonenkalender-2016\/cache\/150721_ikonenkalender_2016-6.jpg-nggid03912-ngg0dyn-100x150x100-00f0w010c010r110f110r010t010.jpg\"\n                    width=\"100\"\n                    height=\"141\"\n                    style=\"max-width:100%;\"\n                \/>\n            <\/a>\n        <\/div>\n\t\t\t\t\t\t\t<\/div> \n\t\t\t\n                            \n\t\t\t\t<div id=\"ngg-image-6\" class=\"ngg-gallery-thumbnail-box\" >\n\t\t\t\t        <div class=\"ngg-gallery-thumbnail\">\n            <a href=\"https:\/\/www.icons-art.com\/2009\/wp-content\/uploads\/sites\/1\/nggallery\/verlag-ikonenkalender-2016\/150721_ikonenkalender_2016-7.jpg\"\n               title=\"\"\n               data-src=\"https:\/\/www.icons-art.com\/2009\/wp-content\/uploads\/sites\/1\/nggallery\/verlag-ikonenkalender-2016\/150721_ikonenkalender_2016-7.jpg\"\n               data-thumbnail=\"https:\/\/www.icons-art.com\/2009\/wp-content\/uploads\/sites\/1\/nggallery\/verlag-ikonenkalender-2016\/thumbs\/thumbs_150721_ikonenkalender_2016-7.jpg\"\n               data-image-id=\"913\"\n               data-title=\"Ikonenkalender_2016\"\n               data-description=\"\"\n               data-image-slug=\"150721_ikonenkalender_2016-7\"\n               class=\"shutterset_1407\">\n                <img\n                    title=\"Ikonenkalender_2016\"\n                    alt=\"Ikonenkalender_2016\"\n                    src=\"https:\/\/www.icons-art.com\/2009\/wp-content\/uploads\/sites\/1\/nggallery\/verlag-ikonenkalender-2016\/cache\/150721_ikonenkalender_2016-7.jpg-nggid03913-ngg0dyn-100x150x100-00f0w010c010r110f110r010t010.jpg\"\n                    width=\"100\"\n                    height=\"141\"\n                    style=\"max-width:100%;\"\n                \/>\n            <\/a>\n        <\/div>\n\t\t\t\t\t\t\t<\/div> \n\t\t\t\n                            \n\t\t\t\t<div id=\"ngg-image-7\" class=\"ngg-gallery-thumbnail-box\" >\n\t\t\t\t        <div class=\"ngg-gallery-thumbnail\">\n            <a href=\"https:\/\/www.icons-art.com\/2009\/wp-content\/uploads\/sites\/1\/nggallery\/verlag-ikonenkalender-2016\/150721_ikonenkalender_2016-8.jpg\"\n               title=\"\"\n               data-src=\"https:\/\/www.icons-art.com\/2009\/wp-content\/uploads\/sites\/1\/nggallery\/verlag-ikonenkalender-2016\/150721_ikonenkalender_2016-8.jpg\"\n               data-thumbnail=\"https:\/\/www.icons-art.com\/2009\/wp-content\/uploads\/sites\/1\/nggallery\/verlag-ikonenkalender-2016\/thumbs\/thumbs_150721_ikonenkalender_2016-8.jpg\"\n               data-image-id=\"914\"\n               data-title=\"Ikonenkalender_2016\"\n               data-description=\"\"\n               data-image-slug=\"150721_ikonenkalender_2016-8\"\n               class=\"shutterset_1407\">\n                <img\n                    title=\"Ikonenkalender_2016\"\n                    alt=\"Ikonenkalender_2016\"\n                    src=\"https:\/\/www.icons-art.com\/2009\/wp-content\/uploads\/sites\/1\/nggallery\/verlag-ikonenkalender-2016\/cache\/150721_ikonenkalender_2016-8.jpg-nggid03914-ngg0dyn-100x150x100-00f0w010c010r110f110r010t010.jpg\"\n                    width=\"100\"\n                    height=\"141\"\n                    style=\"max-width:100%;\"\n                \/>\n            <\/a>\n        <\/div>\n\t\t\t\t\t\t\t<\/div> \n\t\t\t\n                            \n\t\t\t\t<div id=\"ngg-image-8\" class=\"ngg-gallery-thumbnail-box\" >\n\t\t\t\t        <div class=\"ngg-gallery-thumbnail\">\n            <a href=\"https:\/\/www.icons-art.com\/2009\/wp-content\/uploads\/sites\/1\/nggallery\/verlag-ikonenkalender-2016\/150721_ikonenkalender_2016-9.jpg\"\n               title=\"\"\n               data-src=\"https:\/\/www.icons-art.com\/2009\/wp-content\/uploads\/sites\/1\/nggallery\/verlag-ikonenkalender-2016\/150721_ikonenkalender_2016-9.jpg\"\n               data-thumbnail=\"https:\/\/www.icons-art.com\/2009\/wp-content\/uploads\/sites\/1\/nggallery\/verlag-ikonenkalender-2016\/thumbs\/thumbs_150721_ikonenkalender_2016-9.jpg\"\n               data-image-id=\"915\"\n               data-title=\"Ikonenkalender_2016\"\n               data-description=\"\"\n               data-image-slug=\"150721_ikonenkalender_2016-9\"\n               class=\"shutterset_1407\">\n                <img\n                    title=\"Ikonenkalender_2016\"\n                    alt=\"Ikonenkalender_2016\"\n                    src=\"https:\/\/www.icons-art.com\/2009\/wp-content\/uploads\/sites\/1\/nggallery\/verlag-ikonenkalender-2016\/cache\/150721_ikonenkalender_2016-9.jpg-nggid03915-ngg0dyn-100x150x100-00f0w010c010r110f110r010t010.jpg\"\n                    width=\"100\"\n                    height=\"141\"\n                    style=\"max-width:100%;\"\n                \/>\n            <\/a>\n        <\/div>\n\t\t\t\t\t\t\t<\/div> \n\t\t\t\n                            \n\t\t\t\t<div id=\"ngg-image-9\" class=\"ngg-gallery-thumbnail-box\" >\n\t\t\t\t        <div class=\"ngg-gallery-thumbnail\">\n            <a href=\"https:\/\/www.icons-art.com\/2009\/wp-content\/uploads\/sites\/1\/nggallery\/verlag-ikonenkalender-2016\/150721_ikonenkalender_2016-10.jpg\"\n               title=\"\"\n               data-src=\"https:\/\/www.icons-art.com\/2009\/wp-content\/uploads\/sites\/1\/nggallery\/verlag-ikonenkalender-2016\/150721_ikonenkalender_2016-10.jpg\"\n               data-thumbnail=\"https:\/\/www.icons-art.com\/2009\/wp-content\/uploads\/sites\/1\/nggallery\/verlag-ikonenkalender-2016\/thumbs\/thumbs_150721_ikonenkalender_2016-10.jpg\"\n               data-image-id=\"904\"\n               data-title=\"Ikonenkalender_2016\"\n               data-description=\"\"\n               data-image-slug=\"ikonenkalender_2016-12\"\n               class=\"shutterset_1407\">\n                <img\n                    title=\"Ikonenkalender_2016\"\n                    alt=\"Ikonenkalender_2016\"\n                    src=\"https:\/\/www.icons-art.com\/2009\/wp-content\/uploads\/sites\/1\/nggallery\/verlag-ikonenkalender-2016\/cache\/150721_ikonenkalender_2016-10.jpg-nggid03904-ngg0dyn-100x150x100-00f0w010c010r110f110r010t010.jpg\"\n                    width=\"100\"\n                    height=\"141\"\n                    style=\"max-width:100%;\"\n                \/>\n            <\/a>\n        <\/div>\n\t\t\t\t\t\t\t<\/div> \n\t\t\t\n                                    <br style=\"clear: both\" \/>\n                    \n\t\t\t\t<div id=\"ngg-image-10\" class=\"ngg-gallery-thumbnail-box\" >\n\t\t\t\t        <div class=\"ngg-gallery-thumbnail\">\n            <a href=\"https:\/\/www.icons-art.com\/2009\/wp-content\/uploads\/sites\/1\/nggallery\/verlag-ikonenkalender-2016\/150721_ikonenkalender_2016-11.jpg\"\n               title=\"\"\n               data-src=\"https:\/\/www.icons-art.com\/2009\/wp-content\/uploads\/sites\/1\/nggallery\/verlag-ikonenkalender-2016\/150721_ikonenkalender_2016-11.jpg\"\n               data-thumbnail=\"https:\/\/www.icons-art.com\/2009\/wp-content\/uploads\/sites\/1\/nggallery\/verlag-ikonenkalender-2016\/thumbs\/thumbs_150721_ikonenkalender_2016-11.jpg\"\n               data-image-id=\"905\"\n               data-title=\"Ikonenkalender_2016\"\n               data-description=\"\"\n               data-image-slug=\"ikonenkalender_2016-13\"\n               class=\"shutterset_1407\">\n                <img\n                    title=\"Ikonenkalender_2016\"\n                    alt=\"Ikonenkalender_2016\"\n                    src=\"https:\/\/www.icons-art.com\/2009\/wp-content\/uploads\/sites\/1\/nggallery\/verlag-ikonenkalender-2016\/cache\/150721_ikonenkalender_2016-11.jpg-nggid03905-ngg0dyn-100x150x100-00f0w010c010r110f110r010t010.jpg\"\n                    width=\"100\"\n                    height=\"141\"\n                    style=\"max-width:100%;\"\n                \/>\n            <\/a>\n        <\/div>\n\t\t\t\t\t\t\t<\/div> \n\t\t\t\n                            \n\t\t\t\t<div id=\"ngg-image-11\" class=\"ngg-gallery-thumbnail-box\" >\n\t\t\t\t        <div class=\"ngg-gallery-thumbnail\">\n            <a href=\"https:\/\/www.icons-art.com\/2009\/wp-content\/uploads\/sites\/1\/nggallery\/verlag-ikonenkalender-2016\/150721_ikonenkalender_2016-12.jpg\"\n               title=\"\"\n               data-src=\"https:\/\/www.icons-art.com\/2009\/wp-content\/uploads\/sites\/1\/nggallery\/verlag-ikonenkalender-2016\/150721_ikonenkalender_2016-12.jpg\"\n               data-thumbnail=\"https:\/\/www.icons-art.com\/2009\/wp-content\/uploads\/sites\/1\/nggallery\/verlag-ikonenkalender-2016\/thumbs\/thumbs_150721_ikonenkalender_2016-12.jpg\"\n               data-image-id=\"906\"\n               data-title=\"Ikonenkalender_2016\"\n               data-description=\"\"\n               data-image-slug=\"ikonenkalender_2016-14\"\n               class=\"shutterset_1407\">\n                <img\n                    title=\"Ikonenkalender_2016\"\n                    alt=\"Ikonenkalender_2016\"\n                    src=\"https:\/\/www.icons-art.com\/2009\/wp-content\/uploads\/sites\/1\/nggallery\/verlag-ikonenkalender-2016\/cache\/150721_ikonenkalender_2016-12.jpg-nggid03906-ngg0dyn-100x150x100-00f0w010c010r110f110r010t010.jpg\"\n                    width=\"100\"\n                    height=\"141\"\n                    style=\"max-width:100%;\"\n                \/>\n            <\/a>\n        <\/div>\n\t\t\t\t\t\t\t<\/div> \n\t\t\t\n                            \n\t\t\t\t<div id=\"ngg-image-12\" class=\"ngg-gallery-thumbnail-box\" >\n\t\t\t\t        <div class=\"ngg-gallery-thumbnail\">\n            <a href=\"https:\/\/www.icons-art.com\/2009\/wp-content\/uploads\/sites\/1\/nggallery\/verlag-ikonenkalender-2016\/150721_ikonenkalender_2016-13.jpg\"\n               title=\"\"\n               data-src=\"https:\/\/www.icons-art.com\/2009\/wp-content\/uploads\/sites\/1\/nggallery\/verlag-ikonenkalender-2016\/150721_ikonenkalender_2016-13.jpg\"\n               data-thumbnail=\"https:\/\/www.icons-art.com\/2009\/wp-content\/uploads\/sites\/1\/nggallery\/verlag-ikonenkalender-2016\/thumbs\/thumbs_150721_ikonenkalender_2016-13.jpg\"\n               data-image-id=\"907\"\n               data-title=\"Ikonenkalender_2016\"\n               data-description=\"\"\n               data-image-slug=\"ikonenkalender_2016-15\"\n               class=\"shutterset_1407\">\n                <img\n                    title=\"Ikonenkalender_2016\"\n                    alt=\"Ikonenkalender_2016\"\n                    src=\"https:\/\/www.icons-art.com\/2009\/wp-content\/uploads\/sites\/1\/nggallery\/verlag-ikonenkalender-2016\/cache\/150721_ikonenkalender_2016-13.jpg-nggid03907-ngg0dyn-100x150x100-00f0w010c010r110f110r010t010.jpg\"\n                    width=\"100\"\n                    height=\"141\"\n                    style=\"max-width:100%;\"\n                \/>\n            <\/a>\n        <\/div>\n\t\t\t\t\t\t\t<\/div> \n\t\t\t\n                            \n\t\t\n\t\t<!-- Pagination -->\n\t<div class='ngg-clear'><\/div>\t<\/div>\n<\/p>\n<p><a href=\"mailto:info@icons-art.com?Subject=Bestellung%20Ikonenkalender%202016\">Kaufen<\/a><\/p>\n<p><a href=\"http:\/\/www.icons-art.com\/2009\/verlag-publishing-house\/\">Zur\u00fcck zur \u00dcbersicht<\/a><\/p>\n","protected":false},"excerpt":{"rendered":"<p>13 Farbbilder, kurze Beschreibungen 29,7 x 21 cm (DIN A4) Preis: EUR 8,50 zuz\u00fcgl. Versandkosten, incl. Mehrwertsteuer Kaufen Das ideale Geschenk f\u00fcr Freunde der Ikonenkunst! Kaufen Zur\u00fcck zur \u00dcbersicht<\/p>\n","protected":false},"author":2,"featured_media":0,"parent":426,"menu_order":0,"comment_status":"closed","ping_status":"closed","template":"","meta":{"ngg_post_thumbnail":0,"footnotes":""},"aioseo_notices":[],"_links":{"self":[{"href":"https:\/\/www.icons-art.com\/2009\/wp-json\/wp\/v2\/pages\/1406"}],"collection":[{"href":"https:\/\/www.icons-art.com\/2009\/wp-json\/wp\/v2\/pages"}],"about":[{"href":"https:\/\/www.icons-art.com\/2009\/wp-json\/wp\/v2\/types\/page"}],"author":[{"embeddable":true,"href":"https:\/\/www.icons-art.com\/2009\/wp-json\/wp\/v2\/users\/2"}],"replies":[{"embeddable":true,"href":"https:\/\/www.icons-art.com\/2009\/wp-json\/wp\/v2\/comments?post=1406"}],"version-history":[{"count":5,"href":"https:\/\/www.icons-art.com\/2009\/wp-json\/wp\/v2\/pages\/1406\/revisions"}],"predecessor-version":[{"id":1415,"href":"https:\/\/www.icons-art.com\/2009\/wp-json\/wp\/v2\/pages\/1406\/revisions\/1415"}],"up":[{"embeddable":true,"href":"https:\/\/www.icons-art.com\/2009\/wp-json\/wp\/v2\/pages\/426"}],"wp:attachment":[{"href":"https:\/\/www.icons-art.com\/2009\/wp-json\/wp\/v2\/media?parent=1406"}],"curies":[{"name":"wp","href":"https:\/\/api.w.org\/{rel}","templated":true}]}}