{"id":678,"date":"2013-09-25T10:51:36","date_gmt":"2013-09-25T09:51:36","guid":{"rendered":"http:\/\/www.icons-art.com\/2009\/?page_id=678"},"modified":"2016-01-07T12:04:31","modified_gmt":"2016-01-07T11:04:31","slug":"ikonenkalender-2014","status":"publish","type":"page","link":"https:\/\/www.icons-art.com\/2009\/verlag-publishing-house\/ikonenkalender-2014\/","title":{"rendered":"Ikonenkalender 2014"},"content":{"rendered":"<p>13 Farbbilder, kurze Beschreibungen<br \/>\n29,7 x 21 cm (DIN A4)<\/p>\n<p>ausverkauft!<\/p>\n<p>&nbsp;<\/p>\n<p>Das ideale Geschenk f\u00fcr Freunde der Ikonenkunst und Miniaturmalerei!<\/p>\n<p><img loading=\"lazy\" decoding=\"async\" class=\"alignnone size-medium wp-image-687\" src=\"http:\/\/www.icons-art.com\/2009\/wp-content\/uploads\/2011\/10\/120906_ikonen_kalender_2013-1-212x300.jpg\" alt=\"Ikonenkalender 2014\" width=\"212\" height=\"300\" srcset=\"https:\/\/www.icons-art.com\/2009\/wp-content\/uploads\/2011\/10\/120906_ikonen_kalender_2013-1-212x300.jpg 212w, https:\/\/www.icons-art.com\/2009\/wp-content\/uploads\/2011\/10\/120906_ikonen_kalender_2013-1.jpg 566w\" sizes=\"(max-width: 212px) 100vw, 212px\" \/><\/p>\n<!-- index.php -->\n<div\n\tclass=\"ngg-galleryoverview ngg-ajax-pagination-none\"\n\tid=\"ngg-gallery-1aa9cb44c9b39deef664e4d2dd0e1834-1\">\n\n    \t\t<!-- Thumbnails -->\n\t\t\t\t<div id=\"ngg-image-0\" class=\"ngg-gallery-thumbnail-box\" >\n\t\t\t\t        <div class=\"ngg-gallery-thumbnail\">\n            <a href=\"https:\/\/www.icons-art.com\/2009\/wp-content\/gallery\/verlag-ikonenkalender-2014\/120906_ikonen_kalender_2013-10.jpg\"\n               title=\"\"\n               data-src=\"https:\/\/www.icons-art.com\/2009\/wp-content\/gallery\/verlag-ikonenkalender-2014\/120906_ikonen_kalender_2013-10.jpg\"\n               data-thumbnail=\"https:\/\/www.icons-art.com\/2009\/wp-content\/gallery\/verlag-ikonenkalender-2014\/thumbs\/thumbs_120906_ikonen_kalender_2013-10.jpg\"\n               data-image-id=\"650\"\n               data-title=\"130605_ikonen_kalender.indd\"\n               data-description=\"\"\n               data-image-slug=\"130605-ikonen-kalender-indd\"\n               class=\"shutterset_1aa9cb44c9b39deef664e4d2dd0e1834\">\n                <img\n                    title=\"130605_ikonen_kalender.indd\"\n                    alt=\"130605_ikonen_kalender.indd\"\n                    src=\"https:\/\/www.icons-art.com\/2009\/wp-content\/gallery\/verlag-ikonenkalender-2014\/thumbs\/thumbs_120906_ikonen_kalender_2013-10.jpg\"\n                    width=\"100\"\n                    height=\"141\"\n                    style=\"max-width:100%;\"\n                \/>\n            <\/a>\n        <\/div>\n\t\t\t\t\t\t\t<\/div> \n\t\t\t\n                            \n\t\t\t\t<div id=\"ngg-image-1\" class=\"ngg-gallery-thumbnail-box\" >\n\t\t\t\t        <div class=\"ngg-gallery-thumbnail\">\n            <a href=\"https:\/\/www.icons-art.com\/2009\/wp-content\/gallery\/verlag-ikonenkalender-2014\/120906_ikonen_kalender_2013-11.jpg\"\n               title=\"\"\n               data-src=\"https:\/\/www.icons-art.com\/2009\/wp-content\/gallery\/verlag-ikonenkalender-2014\/120906_ikonen_kalender_2013-11.jpg\"\n               data-thumbnail=\"https:\/\/www.icons-art.com\/2009\/wp-content\/gallery\/verlag-ikonenkalender-2014\/thumbs\/thumbs_120906_ikonen_kalender_2013-11.jpg\"\n               data-image-id=\"651\"\n               data-title=\"130605_ikonen_kalender.indd\"\n               data-description=\"\"\n               data-image-slug=\"130605-ikonen-kalender-indd-2\"\n               class=\"shutterset_1aa9cb44c9b39deef664e4d2dd0e1834\">\n                <img\n                    title=\"130605_ikonen_kalender.indd\"\n                    alt=\"130605_ikonen_kalender.indd\"\n                    src=\"https:\/\/www.icons-art.com\/2009\/wp-content\/gallery\/verlag-ikonenkalender-2014\/thumbs\/thumbs_120906_ikonen_kalender_2013-11.jpg\"\n                    width=\"100\"\n                    height=\"141\"\n                    style=\"max-width:100%;\"\n                \/>\n            <\/a>\n        <\/div>\n\t\t\t\t\t\t\t<\/div> \n\t\t\t\n                            \n\t\t\t\t<div id=\"ngg-image-2\" class=\"ngg-gallery-thumbnail-box\" >\n\t\t\t\t        <div class=\"ngg-gallery-thumbnail\">\n            <a href=\"https:\/\/www.icons-art.com\/2009\/wp-content\/gallery\/verlag-ikonenkalender-2014\/120906_ikonen_kalender_2013-12.jpg\"\n               title=\"\"\n               data-src=\"https:\/\/www.icons-art.com\/2009\/wp-content\/gallery\/verlag-ikonenkalender-2014\/120906_ikonen_kalender_2013-12.jpg\"\n               data-thumbnail=\"https:\/\/www.icons-art.com\/2009\/wp-content\/gallery\/verlag-ikonenkalender-2014\/thumbs\/thumbs_120906_ikonen_kalender_2013-12.jpg\"\n               data-image-id=\"652\"\n               data-title=\"130605_ikonen_kalender.indd\"\n               data-description=\"\"\n               data-image-slug=\"130605-ikonen-kalender-indd-3\"\n               class=\"shutterset_1aa9cb44c9b39deef664e4d2dd0e1834\">\n                <img\n                    title=\"130605_ikonen_kalender.indd\"\n                    alt=\"130605_ikonen_kalender.indd\"\n                    src=\"https:\/\/www.icons-art.com\/2009\/wp-content\/gallery\/verlag-ikonenkalender-2014\/thumbs\/thumbs_120906_ikonen_kalender_2013-12.jpg\"\n                    width=\"100\"\n                    height=\"141\"\n                    style=\"max-width:100%;\"\n                \/>\n            <\/a>\n        <\/div>\n\t\t\t\t\t\t\t<\/div> \n\t\t\t\n                            \n\t\t\t\t<div id=\"ngg-image-3\" class=\"ngg-gallery-thumbnail-box\" >\n\t\t\t\t        <div class=\"ngg-gallery-thumbnail\">\n            <a href=\"https:\/\/www.icons-art.com\/2009\/wp-content\/gallery\/verlag-ikonenkalender-2014\/120906_ikonen_kalender_2013-13.jpg\"\n               title=\"\"\n               data-src=\"https:\/\/www.icons-art.com\/2009\/wp-content\/gallery\/verlag-ikonenkalender-2014\/120906_ikonen_kalender_2013-13.jpg\"\n               data-thumbnail=\"https:\/\/www.icons-art.com\/2009\/wp-content\/gallery\/verlag-ikonenkalender-2014\/thumbs\/thumbs_120906_ikonen_kalender_2013-13.jpg\"\n               data-image-id=\"653\"\n               data-title=\"130605_ikonen_kalender.indd\"\n               data-description=\"\"\n               data-image-slug=\"130605-ikonen-kalender-indd-4\"\n               class=\"shutterset_1aa9cb44c9b39deef664e4d2dd0e1834\">\n                <img\n                    title=\"130605_ikonen_kalender.indd\"\n                    alt=\"130605_ikonen_kalender.indd\"\n                    src=\"https:\/\/www.icons-art.com\/2009\/wp-content\/gallery\/verlag-ikonenkalender-2014\/thumbs\/thumbs_120906_ikonen_kalender_2013-13.jpg\"\n                    width=\"100\"\n                    height=\"141\"\n                    style=\"max-width:100%;\"\n                \/>\n            <\/a>\n        <\/div>\n\t\t\t\t\t\t\t<\/div> \n\t\t\t\n                            \n\t\t\t\t<div id=\"ngg-image-4\" class=\"ngg-gallery-thumbnail-box\" >\n\t\t\t\t        <div class=\"ngg-gallery-thumbnail\">\n            <a href=\"https:\/\/www.icons-art.com\/2009\/wp-content\/gallery\/verlag-ikonenkalender-2014\/120906_ikonen_kalender_2013-2.jpg\"\n               title=\"\"\n               data-src=\"https:\/\/www.icons-art.com\/2009\/wp-content\/gallery\/verlag-ikonenkalender-2014\/120906_ikonen_kalender_2013-2.jpg\"\n               data-thumbnail=\"https:\/\/www.icons-art.com\/2009\/wp-content\/gallery\/verlag-ikonenkalender-2014\/thumbs\/thumbs_120906_ikonen_kalender_2013-2.jpg\"\n               data-image-id=\"654\"\n               data-title=\"130605_ikonen_kalender.indd\"\n               data-description=\"\"\n               data-image-slug=\"130605-ikonen-kalender-indd-5\"\n               class=\"shutterset_1aa9cb44c9b39deef664e4d2dd0e1834\">\n                <img\n                    title=\"130605_ikonen_kalender.indd\"\n                    alt=\"130605_ikonen_kalender.indd\"\n                    src=\"https:\/\/www.icons-art.com\/2009\/wp-content\/gallery\/verlag-ikonenkalender-2014\/thumbs\/thumbs_120906_ikonen_kalender_2013-2.jpg\"\n                    width=\"100\"\n                    height=\"141\"\n                    style=\"max-width:100%;\"\n                \/>\n            <\/a>\n        <\/div>\n\t\t\t\t\t\t\t<\/div> \n\t\t\t\n                                    <br style=\"clear: both\" \/>\n                    \n\t\t\t\t<div id=\"ngg-image-5\" class=\"ngg-gallery-thumbnail-box\" >\n\t\t\t\t        <div class=\"ngg-gallery-thumbnail\">\n            <a href=\"https:\/\/www.icons-art.com\/2009\/wp-content\/gallery\/verlag-ikonenkalender-2014\/120906_ikonen_kalender_2013-3.jpg\"\n               title=\"\"\n               data-src=\"https:\/\/www.icons-art.com\/2009\/wp-content\/gallery\/verlag-ikonenkalender-2014\/120906_ikonen_kalender_2013-3.jpg\"\n               data-thumbnail=\"https:\/\/www.icons-art.com\/2009\/wp-content\/gallery\/verlag-ikonenkalender-2014\/thumbs\/thumbs_120906_ikonen_kalender_2013-3.jpg\"\n               data-image-id=\"655\"\n               data-title=\"130605_ikonen_kalender.indd\"\n               data-description=\"\"\n               data-image-slug=\"130605-ikonen-kalender-indd-6\"\n               class=\"shutterset_1aa9cb44c9b39deef664e4d2dd0e1834\">\n                <img\n                    title=\"130605_ikonen_kalender.indd\"\n                    alt=\"130605_ikonen_kalender.indd\"\n                    src=\"https:\/\/www.icons-art.com\/2009\/wp-content\/gallery\/verlag-ikonenkalender-2014\/thumbs\/thumbs_120906_ikonen_kalender_2013-3.jpg\"\n                    width=\"100\"\n                    height=\"141\"\n                    style=\"max-width:100%;\"\n                \/>\n            <\/a>\n        <\/div>\n\t\t\t\t\t\t\t<\/div> \n\t\t\t\n                            \n\t\t\t\t<div id=\"ngg-image-6\" class=\"ngg-gallery-thumbnail-box\" >\n\t\t\t\t        <div class=\"ngg-gallery-thumbnail\">\n            <a href=\"https:\/\/www.icons-art.com\/2009\/wp-content\/gallery\/verlag-ikonenkalender-2014\/120906_ikonen_kalender_2013-4.jpg\"\n               title=\"\"\n               data-src=\"https:\/\/www.icons-art.com\/2009\/wp-content\/gallery\/verlag-ikonenkalender-2014\/120906_ikonen_kalender_2013-4.jpg\"\n               data-thumbnail=\"https:\/\/www.icons-art.com\/2009\/wp-content\/gallery\/verlag-ikonenkalender-2014\/thumbs\/thumbs_120906_ikonen_kalender_2013-4.jpg\"\n               data-image-id=\"656\"\n               data-title=\"130605_ikonen_kalender.indd\"\n               data-description=\"\"\n               data-image-slug=\"130605-ikonen-kalender-indd-7\"\n               class=\"shutterset_1aa9cb44c9b39deef664e4d2dd0e1834\">\n                <img\n                    title=\"130605_ikonen_kalender.indd\"\n                    alt=\"130605_ikonen_kalender.indd\"\n                    src=\"https:\/\/www.icons-art.com\/2009\/wp-content\/gallery\/verlag-ikonenkalender-2014\/thumbs\/thumbs_120906_ikonen_kalender_2013-4.jpg\"\n                    width=\"100\"\n                    height=\"141\"\n                    style=\"max-width:100%;\"\n                \/>\n            <\/a>\n        <\/div>\n\t\t\t\t\t\t\t<\/div> \n\t\t\t\n                            \n\t\t\t\t<div id=\"ngg-image-7\" class=\"ngg-gallery-thumbnail-box\" >\n\t\t\t\t        <div class=\"ngg-gallery-thumbnail\">\n            <a href=\"https:\/\/www.icons-art.com\/2009\/wp-content\/gallery\/verlag-ikonenkalender-2014\/120906_ikonen_kalender_2013-5.jpg\"\n               title=\"\"\n               data-src=\"https:\/\/www.icons-art.com\/2009\/wp-content\/gallery\/verlag-ikonenkalender-2014\/120906_ikonen_kalender_2013-5.jpg\"\n               data-thumbnail=\"https:\/\/www.icons-art.com\/2009\/wp-content\/gallery\/verlag-ikonenkalender-2014\/thumbs\/thumbs_120906_ikonen_kalender_2013-5.jpg\"\n               data-image-id=\"657\"\n               data-title=\"130605_ikonen_kalender.indd\"\n               data-description=\"\"\n               data-image-slug=\"130605-ikonen-kalender-indd-8\"\n               class=\"shutterset_1aa9cb44c9b39deef664e4d2dd0e1834\">\n                <img\n                    title=\"130605_ikonen_kalender.indd\"\n                    alt=\"130605_ikonen_kalender.indd\"\n                    src=\"https:\/\/www.icons-art.com\/2009\/wp-content\/gallery\/verlag-ikonenkalender-2014\/thumbs\/thumbs_120906_ikonen_kalender_2013-5.jpg\"\n                    width=\"100\"\n                    height=\"141\"\n                    style=\"max-width:100%;\"\n                \/>\n            <\/a>\n        <\/div>\n\t\t\t\t\t\t\t<\/div> \n\t\t\t\n                            \n\t\t\t\t<div id=\"ngg-image-8\" class=\"ngg-gallery-thumbnail-box\" >\n\t\t\t\t        <div class=\"ngg-gallery-thumbnail\">\n            <a href=\"https:\/\/www.icons-art.com\/2009\/wp-content\/gallery\/verlag-ikonenkalender-2014\/120906_ikonen_kalender_2013-6.jpg\"\n               title=\"\"\n               data-src=\"https:\/\/www.icons-art.com\/2009\/wp-content\/gallery\/verlag-ikonenkalender-2014\/120906_ikonen_kalender_2013-6.jpg\"\n               data-thumbnail=\"https:\/\/www.icons-art.com\/2009\/wp-content\/gallery\/verlag-ikonenkalender-2014\/thumbs\/thumbs_120906_ikonen_kalender_2013-6.jpg\"\n               data-image-id=\"658\"\n               data-title=\"130605_ikonen_kalender.indd\"\n               data-description=\"\"\n               data-image-slug=\"130605-ikonen-kalender-indd-9\"\n               class=\"shutterset_1aa9cb44c9b39deef664e4d2dd0e1834\">\n                <img\n                    title=\"130605_ikonen_kalender.indd\"\n                    alt=\"130605_ikonen_kalender.indd\"\n                    src=\"https:\/\/www.icons-art.com\/2009\/wp-content\/gallery\/verlag-ikonenkalender-2014\/thumbs\/thumbs_120906_ikonen_kalender_2013-6.jpg\"\n                    width=\"100\"\n                    height=\"141\"\n                    style=\"max-width:100%;\"\n                \/>\n            <\/a>\n        <\/div>\n\t\t\t\t\t\t\t<\/div> \n\t\t\t\n                            \n\t\t\t\t<div id=\"ngg-image-9\" class=\"ngg-gallery-thumbnail-box\" >\n\t\t\t\t        <div class=\"ngg-gallery-thumbnail\">\n            <a href=\"https:\/\/www.icons-art.com\/2009\/wp-content\/gallery\/verlag-ikonenkalender-2014\/120906_ikonen_kalender_2013-7.jpg\"\n               title=\"\"\n               data-src=\"https:\/\/www.icons-art.com\/2009\/wp-content\/gallery\/verlag-ikonenkalender-2014\/120906_ikonen_kalender_2013-7.jpg\"\n               data-thumbnail=\"https:\/\/www.icons-art.com\/2009\/wp-content\/gallery\/verlag-ikonenkalender-2014\/thumbs\/thumbs_120906_ikonen_kalender_2013-7.jpg\"\n               data-image-id=\"659\"\n               data-title=\"130605_ikonen_kalender.indd\"\n               data-description=\"\"\n               data-image-slug=\"120906-ikonen-kalender-2013-7\"\n               class=\"shutterset_1aa9cb44c9b39deef664e4d2dd0e1834\">\n                <img\n                    title=\"130605_ikonen_kalender.indd\"\n                    alt=\"130605_ikonen_kalender.indd\"\n                    src=\"https:\/\/www.icons-art.com\/2009\/wp-content\/gallery\/verlag-ikonenkalender-2014\/thumbs\/thumbs_120906_ikonen_kalender_2013-7.jpg\"\n                    width=\"100\"\n                    height=\"141\"\n                    style=\"max-width:100%;\"\n                \/>\n            <\/a>\n        <\/div>\n\t\t\t\t\t\t\t<\/div> \n\t\t\t\n                                    <br style=\"clear: both\" \/>\n                    \n\t\t\t\t<div id=\"ngg-image-10\" class=\"ngg-gallery-thumbnail-box\" >\n\t\t\t\t        <div class=\"ngg-gallery-thumbnail\">\n            <a href=\"https:\/\/www.icons-art.com\/2009\/wp-content\/gallery\/verlag-ikonenkalender-2014\/120906_ikonen_kalender_2013-8.jpg\"\n               title=\"\"\n               data-src=\"https:\/\/www.icons-art.com\/2009\/wp-content\/gallery\/verlag-ikonenkalender-2014\/120906_ikonen_kalender_2013-8.jpg\"\n               data-thumbnail=\"https:\/\/www.icons-art.com\/2009\/wp-content\/gallery\/verlag-ikonenkalender-2014\/thumbs\/thumbs_120906_ikonen_kalender_2013-8.jpg\"\n               data-image-id=\"660\"\n               data-title=\"130605_ikonen_kalender.indd\"\n               data-description=\"\"\n               data-image-slug=\"120906-ikonen-kalender-2013-8\"\n               class=\"shutterset_1aa9cb44c9b39deef664e4d2dd0e1834\">\n                <img\n                    title=\"130605_ikonen_kalender.indd\"\n                    alt=\"130605_ikonen_kalender.indd\"\n                    src=\"https:\/\/www.icons-art.com\/2009\/wp-content\/gallery\/verlag-ikonenkalender-2014\/thumbs\/thumbs_120906_ikonen_kalender_2013-8.jpg\"\n                    width=\"100\"\n                    height=\"141\"\n                    style=\"max-width:100%;\"\n                \/>\n            <\/a>\n        <\/div>\n\t\t\t\t\t\t\t<\/div> \n\t\t\t\n                            \n\t\t\t\t<div id=\"ngg-image-11\" class=\"ngg-gallery-thumbnail-box\" >\n\t\t\t\t        <div class=\"ngg-gallery-thumbnail\">\n            <a href=\"https:\/\/www.icons-art.com\/2009\/wp-content\/gallery\/verlag-ikonenkalender-2014\/120906_ikonen_kalender_2013-9.jpg\"\n               title=\"\"\n               data-src=\"https:\/\/www.icons-art.com\/2009\/wp-content\/gallery\/verlag-ikonenkalender-2014\/120906_ikonen_kalender_2013-9.jpg\"\n               data-thumbnail=\"https:\/\/www.icons-art.com\/2009\/wp-content\/gallery\/verlag-ikonenkalender-2014\/thumbs\/thumbs_120906_ikonen_kalender_2013-9.jpg\"\n               data-image-id=\"661\"\n               data-title=\"130605_ikonen_kalender.indd\"\n               data-description=\"\"\n               data-image-slug=\"120906-ikonen-kalender-2013-9\"\n               class=\"shutterset_1aa9cb44c9b39deef664e4d2dd0e1834\">\n                <img\n                    title=\"130605_ikonen_kalender.indd\"\n                    alt=\"130605_ikonen_kalender.indd\"\n                    src=\"https:\/\/www.icons-art.com\/2009\/wp-content\/gallery\/verlag-ikonenkalender-2014\/thumbs\/thumbs_120906_ikonen_kalender_2013-9.jpg\"\n                    width=\"100\"\n                    height=\"141\"\n                    style=\"max-width:100%;\"\n                \/>\n            <\/a>\n        <\/div>\n\t\t\t\t\t\t\t<\/div> \n\t\t\t\n                            \n\t\t\n\t\t<!-- Pagination -->\n\t<div class='ngg-clear'><\/div>\t<\/div>\n\n<p>&nbsp;<\/p>\n<p><a href=\"http:\/\/www.icons-art.com\/2009\/verlag-publishing-house\/\">Zur\u00fcck zur \u00dcbersicht<\/a><\/p>\n","protected":false},"excerpt":{"rendered":"<p>13 Farbbilder, kurze Beschreibungen 29,7 x 21 cm (DIN A4) ausverkauft! &nbsp; Das ideale Geschenk f\u00fcr Freunde der Ikonenkunst und Miniaturmalerei! &nbsp; Zur\u00fcck zur \u00dcbersicht<\/p>\n","protected":false},"author":2,"featured_media":0,"parent":426,"menu_order":0,"comment_status":"closed","ping_status":"closed","template":"","meta":{"ngg_post_thumbnail":0,"footnotes":""},"aioseo_notices":[],"_links":{"self":[{"href":"https:\/\/www.icons-art.com\/2009\/wp-json\/wp\/v2\/pages\/678"}],"collection":[{"href":"https:\/\/www.icons-art.com\/2009\/wp-json\/wp\/v2\/pages"}],"about":[{"href":"https:\/\/www.icons-art.com\/2009\/wp-json\/wp\/v2\/types\/page"}],"author":[{"embeddable":true,"href":"https:\/\/www.icons-art.com\/2009\/wp-json\/wp\/v2\/users\/2"}],"replies":[{"embeddable":true,"href":"https:\/\/www.icons-art.com\/2009\/wp-json\/wp\/v2\/comments?post=678"}],"version-history":[{"count":11,"href":"https:\/\/www.icons-art.com\/2009\/wp-json\/wp\/v2\/pages\/678\/revisions"}],"predecessor-version":[{"id":1534,"href":"https:\/\/www.icons-art.com\/2009\/wp-json\/wp\/v2\/pages\/678\/revisions\/1534"}],"up":[{"embeddable":true,"href":"https:\/\/www.icons-art.com\/2009\/wp-json\/wp\/v2\/pages\/426"}],"wp:attachment":[{"href":"https:\/\/www.icons-art.com\/2009\/wp-json\/wp\/v2\/media?parent=678"}],"curies":[{"name":"wp","href":"https:\/\/api.w.org\/{rel}","templated":true}]}}