{"id":825,"date":"2014-07-21T10:09:50","date_gmt":"2014-07-21T09:09:50","guid":{"rendered":"http:\/\/www.icons-art.com\/2009\/?page_id=825"},"modified":"2014-07-21T10:14:25","modified_gmt":"2014-07-21T09:14:25","slug":"ikonenkalender-2015","status":"publish","type":"page","link":"https:\/\/www.icons-art.com\/2009\/verlag-publishing-house\/ikonenkalender-2015\/","title":{"rendered":"Ikonenkalender 2015"},"content":{"rendered":"<p>13 Farbbilder, kurze Beschreibungen<br \/>\n29,7 x 21 cm (DIN A4)<\/p>\n<p>Preis: EUR 8,50 zuz\u00fcgl. Versandkosten, incl. Mehrwertsteuer<\/p>\n<p><a href=\"http:\/\/www.icons-art.com\/2009\/wp-content\/uploads\/2014\/07\/01.jpg\"><img loading=\"lazy\" decoding=\"async\" class=\"alignnone size-medium wp-image-828\" src=\"http:\/\/www.icons-art.com\/2009\/wp-content\/uploads\/2014\/07\/01-212x300.jpg\" alt=\"ikonenkalender_2015\" width=\"212\" height=\"300\" srcset=\"https:\/\/www.icons-art.com\/2009\/wp-content\/uploads\/2014\/07\/01-212x300.jpg 212w, https:\/\/www.icons-art.com\/2009\/wp-content\/uploads\/2014\/07\/01.jpg 566w\" sizes=\"(max-width: 212px) 100vw, 212px\" \/><\/a><\/p>\n<p><a href=\"mailto:info@icons-art.com?Subject=Bestellung%20Ikonenkalender%202015\">Kaufen<\/a><\/p>\n<p>Das ideale Geschenk f\u00fcr Freunde der Ikonenkunst und Miniaturmalerei!<\/p>\n<p>&nbsp;<\/p>\n<p>&nbsp;<\/p>\n<!-- index.php -->\n<div\n\tclass=\"ngg-galleryoverview ngg-ajax-pagination-none\"\n\tid=\"ngg-gallery-ab650df74cc9c629f3c393f542cb9bb9-1\">\n\n    \t\t<!-- Thumbnails -->\n\t\t\t\t<div id=\"ngg-image-0\" class=\"ngg-gallery-thumbnail-box\" >\n\t\t\t\t        <div class=\"ngg-gallery-thumbnail\">\n            <a href=\"https:\/\/www.icons-art.com\/2009\/wp-content\/gallery\/verlag-ikonenkalender-2015\/01.jpg\"\n               title=\"\"\n               data-src=\"https:\/\/www.icons-art.com\/2009\/wp-content\/gallery\/verlag-ikonenkalender-2015\/01.jpg\"\n               data-thumbnail=\"https:\/\/www.icons-art.com\/2009\/wp-content\/gallery\/verlag-ikonenkalender-2015\/thumbs\/thumbs_01.jpg\"\n               data-image-id=\"772\"\n               data-title=\"140714_ikonenkalender_2015_a4.indd\"\n               data-description=\"\"\n               data-image-slug=\"140714_ikonenkalender_2015_a4-indd-5\"\n               class=\"shutterset_ab650df74cc9c629f3c393f542cb9bb9\">\n                <img\n                    title=\"140714_ikonenkalender_2015_a4.indd\"\n                    alt=\"140714_ikonenkalender_2015_a4.indd\"\n                    src=\"https:\/\/www.icons-art.com\/2009\/wp-content\/gallery\/verlag-ikonenkalender-2015\/thumbs\/thumbs_01.jpg\"\n                    width=\"100\"\n                    height=\"141\"\n                    style=\"max-width:100%;\"\n                \/>\n            <\/a>\n        <\/div>\n\t\t\t\t\t\t\t<\/div> \n\t\t\t\n                            \n\t\t\t\t<div id=\"ngg-image-1\" class=\"ngg-gallery-thumbnail-box\" >\n\t\t\t\t        <div class=\"ngg-gallery-thumbnail\">\n            <a href=\"https:\/\/www.icons-art.com\/2009\/wp-content\/gallery\/verlag-ikonenkalender-2015\/02.jpg\"\n               title=\"\"\n               data-src=\"https:\/\/www.icons-art.com\/2009\/wp-content\/gallery\/verlag-ikonenkalender-2015\/02.jpg\"\n               data-thumbnail=\"https:\/\/www.icons-art.com\/2009\/wp-content\/gallery\/verlag-ikonenkalender-2015\/thumbs\/thumbs_02.jpg\"\n               data-image-id=\"773\"\n               data-title=\"140714_ikonenkalender_2015_a4.indd\"\n               data-description=\"\"\n               data-image-slug=\"140714_ikonenkalender_2015_a4-indd-4\"\n               class=\"shutterset_ab650df74cc9c629f3c393f542cb9bb9\">\n                <img\n                    title=\"140714_ikonenkalender_2015_a4.indd\"\n                    alt=\"140714_ikonenkalender_2015_a4.indd\"\n                    src=\"https:\/\/www.icons-art.com\/2009\/wp-content\/gallery\/verlag-ikonenkalender-2015\/thumbs\/thumbs_02.jpg\"\n                    width=\"100\"\n                    height=\"141\"\n                    style=\"max-width:100%;\"\n                \/>\n            <\/a>\n        <\/div>\n\t\t\t\t\t\t\t<\/div> \n\t\t\t\n                            \n\t\t\t\t<div id=\"ngg-image-2\" class=\"ngg-gallery-thumbnail-box\" >\n\t\t\t\t        <div class=\"ngg-gallery-thumbnail\">\n            <a href=\"https:\/\/www.icons-art.com\/2009\/wp-content\/gallery\/verlag-ikonenkalender-2015\/03.jpg\"\n               title=\"\"\n               data-src=\"https:\/\/www.icons-art.com\/2009\/wp-content\/gallery\/verlag-ikonenkalender-2015\/03.jpg\"\n               data-thumbnail=\"https:\/\/www.icons-art.com\/2009\/wp-content\/gallery\/verlag-ikonenkalender-2015\/thumbs\/thumbs_03.jpg\"\n               data-image-id=\"774\"\n               data-title=\"140714_ikonenkalender_2015_a4.indd\"\n               data-description=\"\"\n               data-image-slug=\"140714_ikonenkalender_2015_a4-indd-3\"\n               class=\"shutterset_ab650df74cc9c629f3c393f542cb9bb9\">\n                <img\n                    title=\"140714_ikonenkalender_2015_a4.indd\"\n                    alt=\"140714_ikonenkalender_2015_a4.indd\"\n                    src=\"https:\/\/www.icons-art.com\/2009\/wp-content\/gallery\/verlag-ikonenkalender-2015\/thumbs\/thumbs_03.jpg\"\n                    width=\"100\"\n                    height=\"141\"\n                    style=\"max-width:100%;\"\n                \/>\n            <\/a>\n        <\/div>\n\t\t\t\t\t\t\t<\/div> \n\t\t\t\n                            \n\t\t\t\t<div id=\"ngg-image-3\" class=\"ngg-gallery-thumbnail-box\" >\n\t\t\t\t        <div class=\"ngg-gallery-thumbnail\">\n            <a href=\"https:\/\/www.icons-art.com\/2009\/wp-content\/gallery\/verlag-ikonenkalender-2015\/04.jpg\"\n               title=\"\"\n               data-src=\"https:\/\/www.icons-art.com\/2009\/wp-content\/gallery\/verlag-ikonenkalender-2015\/04.jpg\"\n               data-thumbnail=\"https:\/\/www.icons-art.com\/2009\/wp-content\/gallery\/verlag-ikonenkalender-2015\/thumbs\/thumbs_04.jpg\"\n               data-image-id=\"775\"\n               data-title=\"140714_ikonenkalender_2015_a4.indd\"\n               data-description=\"\"\n               data-image-slug=\"04-4\"\n               class=\"shutterset_ab650df74cc9c629f3c393f542cb9bb9\">\n                <img\n                    title=\"140714_ikonenkalender_2015_a4.indd\"\n                    alt=\"140714_ikonenkalender_2015_a4.indd\"\n                    src=\"https:\/\/www.icons-art.com\/2009\/wp-content\/gallery\/verlag-ikonenkalender-2015\/thumbs\/thumbs_04.jpg\"\n                    width=\"100\"\n                    height=\"141\"\n                    style=\"max-width:100%;\"\n                \/>\n            <\/a>\n        <\/div>\n\t\t\t\t\t\t\t<\/div> \n\t\t\t\n                            \n\t\t\t\t<div id=\"ngg-image-4\" class=\"ngg-gallery-thumbnail-box\" >\n\t\t\t\t        <div class=\"ngg-gallery-thumbnail\">\n            <a href=\"https:\/\/www.icons-art.com\/2009\/wp-content\/gallery\/verlag-ikonenkalender-2015\/05.jpg\"\n               title=\"\"\n               data-src=\"https:\/\/www.icons-art.com\/2009\/wp-content\/gallery\/verlag-ikonenkalender-2015\/05.jpg\"\n               data-thumbnail=\"https:\/\/www.icons-art.com\/2009\/wp-content\/gallery\/verlag-ikonenkalender-2015\/thumbs\/thumbs_05.jpg\"\n               data-image-id=\"776\"\n               data-title=\"140714_ikonenkalender_2015_a4.indd\"\n               data-description=\"\"\n               data-image-slug=\"05-3\"\n               class=\"shutterset_ab650df74cc9c629f3c393f542cb9bb9\">\n                <img\n                    title=\"140714_ikonenkalender_2015_a4.indd\"\n                    alt=\"140714_ikonenkalender_2015_a4.indd\"\n                    src=\"https:\/\/www.icons-art.com\/2009\/wp-content\/gallery\/verlag-ikonenkalender-2015\/thumbs\/thumbs_05.jpg\"\n                    width=\"100\"\n                    height=\"141\"\n                    style=\"max-width:100%;\"\n                \/>\n            <\/a>\n        <\/div>\n\t\t\t\t\t\t\t<\/div> \n\t\t\t\n                                    <br style=\"clear: both\" \/>\n                    \n\t\t\t\t<div id=\"ngg-image-5\" class=\"ngg-gallery-thumbnail-box\" >\n\t\t\t\t        <div class=\"ngg-gallery-thumbnail\">\n            <a href=\"https:\/\/www.icons-art.com\/2009\/wp-content\/gallery\/verlag-ikonenkalender-2015\/06.jpg\"\n               title=\"\"\n               data-src=\"https:\/\/www.icons-art.com\/2009\/wp-content\/gallery\/verlag-ikonenkalender-2015\/06.jpg\"\n               data-thumbnail=\"https:\/\/www.icons-art.com\/2009\/wp-content\/gallery\/verlag-ikonenkalender-2015\/thumbs\/thumbs_06.jpg\"\n               data-image-id=\"777\"\n               data-title=\"140714_ikonenkalender_2015_a4.indd\"\n               data-description=\"\"\n               data-image-slug=\"06-4\"\n               class=\"shutterset_ab650df74cc9c629f3c393f542cb9bb9\">\n                <img\n                    title=\"140714_ikonenkalender_2015_a4.indd\"\n                    alt=\"140714_ikonenkalender_2015_a4.indd\"\n                    src=\"https:\/\/www.icons-art.com\/2009\/wp-content\/gallery\/verlag-ikonenkalender-2015\/thumbs\/thumbs_06.jpg\"\n                    width=\"100\"\n                    height=\"141\"\n                    style=\"max-width:100%;\"\n                \/>\n            <\/a>\n        <\/div>\n\t\t\t\t\t\t\t<\/div> \n\t\t\t\n                            \n\t\t\t\t<div id=\"ngg-image-6\" class=\"ngg-gallery-thumbnail-box\" >\n\t\t\t\t        <div class=\"ngg-gallery-thumbnail\">\n            <a href=\"https:\/\/www.icons-art.com\/2009\/wp-content\/gallery\/verlag-ikonenkalender-2015\/07.jpg\"\n               title=\"\"\n               data-src=\"https:\/\/www.icons-art.com\/2009\/wp-content\/gallery\/verlag-ikonenkalender-2015\/07.jpg\"\n               data-thumbnail=\"https:\/\/www.icons-art.com\/2009\/wp-content\/gallery\/verlag-ikonenkalender-2015\/thumbs\/thumbs_07.jpg\"\n               data-image-id=\"778\"\n               data-title=\"140714_ikonenkalender_2015_a4.indd\"\n               data-description=\"\"\n               data-image-slug=\"07-3\"\n               class=\"shutterset_ab650df74cc9c629f3c393f542cb9bb9\">\n                <img\n                    title=\"140714_ikonenkalender_2015_a4.indd\"\n                    alt=\"140714_ikonenkalender_2015_a4.indd\"\n                    src=\"https:\/\/www.icons-art.com\/2009\/wp-content\/gallery\/verlag-ikonenkalender-2015\/thumbs\/thumbs_07.jpg\"\n                    width=\"100\"\n                    height=\"141\"\n                    style=\"max-width:100%;\"\n                \/>\n            <\/a>\n        <\/div>\n\t\t\t\t\t\t\t<\/div> \n\t\t\t\n                            \n\t\t\t\t<div id=\"ngg-image-7\" class=\"ngg-gallery-thumbnail-box\" >\n\t\t\t\t        <div class=\"ngg-gallery-thumbnail\">\n            <a href=\"https:\/\/www.icons-art.com\/2009\/wp-content\/gallery\/verlag-ikonenkalender-2015\/08.jpg\"\n               title=\"\"\n               data-src=\"https:\/\/www.icons-art.com\/2009\/wp-content\/gallery\/verlag-ikonenkalender-2015\/08.jpg\"\n               data-thumbnail=\"https:\/\/www.icons-art.com\/2009\/wp-content\/gallery\/verlag-ikonenkalender-2015\/thumbs\/thumbs_08.jpg\"\n               data-image-id=\"779\"\n               data-title=\"140714_ikonenkalender_2015_a4.indd\"\n               data-description=\"\"\n               data-image-slug=\"08-1\"\n               class=\"shutterset_ab650df74cc9c629f3c393f542cb9bb9\">\n                <img\n                    title=\"140714_ikonenkalender_2015_a4.indd\"\n                    alt=\"140714_ikonenkalender_2015_a4.indd\"\n                    src=\"https:\/\/www.icons-art.com\/2009\/wp-content\/gallery\/verlag-ikonenkalender-2015\/thumbs\/thumbs_08.jpg\"\n                    width=\"100\"\n                    height=\"141\"\n                    style=\"max-width:100%;\"\n                \/>\n            <\/a>\n        <\/div>\n\t\t\t\t\t\t\t<\/div> \n\t\t\t\n                            \n\t\t\t\t<div id=\"ngg-image-8\" class=\"ngg-gallery-thumbnail-box\" >\n\t\t\t\t        <div class=\"ngg-gallery-thumbnail\">\n            <a href=\"https:\/\/www.icons-art.com\/2009\/wp-content\/gallery\/verlag-ikonenkalender-2015\/09.jpg\"\n               title=\"\"\n               data-src=\"https:\/\/www.icons-art.com\/2009\/wp-content\/gallery\/verlag-ikonenkalender-2015\/09.jpg\"\n               data-thumbnail=\"https:\/\/www.icons-art.com\/2009\/wp-content\/gallery\/verlag-ikonenkalender-2015\/thumbs\/thumbs_09.jpg\"\n               data-image-id=\"780\"\n               data-title=\"140714_ikonenkalender_2015_a4.indd\"\n               data-description=\"\"\n               data-image-slug=\"09-4\"\n               class=\"shutterset_ab650df74cc9c629f3c393f542cb9bb9\">\n                <img\n                    title=\"140714_ikonenkalender_2015_a4.indd\"\n                    alt=\"140714_ikonenkalender_2015_a4.indd\"\n                    src=\"https:\/\/www.icons-art.com\/2009\/wp-content\/gallery\/verlag-ikonenkalender-2015\/thumbs\/thumbs_09.jpg\"\n                    width=\"100\"\n                    height=\"141\"\n                    style=\"max-width:100%;\"\n                \/>\n            <\/a>\n        <\/div>\n\t\t\t\t\t\t\t<\/div> \n\t\t\t\n                            \n\t\t\t\t<div id=\"ngg-image-9\" class=\"ngg-gallery-thumbnail-box\" >\n\t\t\t\t        <div class=\"ngg-gallery-thumbnail\">\n            <a href=\"https:\/\/www.icons-art.com\/2009\/wp-content\/gallery\/verlag-ikonenkalender-2015\/10.jpg\"\n               title=\"\"\n               data-src=\"https:\/\/www.icons-art.com\/2009\/wp-content\/gallery\/verlag-ikonenkalender-2015\/10.jpg\"\n               data-thumbnail=\"https:\/\/www.icons-art.com\/2009\/wp-content\/gallery\/verlag-ikonenkalender-2015\/thumbs\/thumbs_10.jpg\"\n               data-image-id=\"781\"\n               data-title=\"140714_ikonenkalender_2015_a4.indd\"\n               data-description=\"\"\n               data-image-slug=\"10-3\"\n               class=\"shutterset_ab650df74cc9c629f3c393f542cb9bb9\">\n                <img\n                    title=\"140714_ikonenkalender_2015_a4.indd\"\n                    alt=\"140714_ikonenkalender_2015_a4.indd\"\n                    src=\"https:\/\/www.icons-art.com\/2009\/wp-content\/gallery\/verlag-ikonenkalender-2015\/thumbs\/thumbs_10.jpg\"\n                    width=\"100\"\n                    height=\"141\"\n                    style=\"max-width:100%;\"\n                \/>\n            <\/a>\n        <\/div>\n\t\t\t\t\t\t\t<\/div> \n\t\t\t\n                                    <br style=\"clear: both\" \/>\n                    \n\t\t\t\t<div id=\"ngg-image-10\" class=\"ngg-gallery-thumbnail-box\" >\n\t\t\t\t        <div class=\"ngg-gallery-thumbnail\">\n            <a href=\"https:\/\/www.icons-art.com\/2009\/wp-content\/gallery\/verlag-ikonenkalender-2015\/11.jpg\"\n               title=\"\"\n               data-src=\"https:\/\/www.icons-art.com\/2009\/wp-content\/gallery\/verlag-ikonenkalender-2015\/11.jpg\"\n               data-thumbnail=\"https:\/\/www.icons-art.com\/2009\/wp-content\/gallery\/verlag-ikonenkalender-2015\/thumbs\/thumbs_11.jpg\"\n               data-image-id=\"782\"\n               data-title=\"140714_ikonenkalender_2015_a4.indd\"\n               data-description=\"\"\n               data-image-slug=\"11-4\"\n               class=\"shutterset_ab650df74cc9c629f3c393f542cb9bb9\">\n                <img\n                    title=\"140714_ikonenkalender_2015_a4.indd\"\n                    alt=\"140714_ikonenkalender_2015_a4.indd\"\n                    src=\"https:\/\/www.icons-art.com\/2009\/wp-content\/gallery\/verlag-ikonenkalender-2015\/thumbs\/thumbs_11.jpg\"\n                    width=\"100\"\n                    height=\"141\"\n                    style=\"max-width:100%;\"\n                \/>\n            <\/a>\n        <\/div>\n\t\t\t\t\t\t\t<\/div> \n\t\t\t\n                            \n\t\t\t\t<div id=\"ngg-image-11\" class=\"ngg-gallery-thumbnail-box\" >\n\t\t\t\t        <div class=\"ngg-gallery-thumbnail\">\n            <a href=\"https:\/\/www.icons-art.com\/2009\/wp-content\/gallery\/verlag-ikonenkalender-2015\/12.jpg\"\n               title=\"\"\n               data-src=\"https:\/\/www.icons-art.com\/2009\/wp-content\/gallery\/verlag-ikonenkalender-2015\/12.jpg\"\n               data-thumbnail=\"https:\/\/www.icons-art.com\/2009\/wp-content\/gallery\/verlag-ikonenkalender-2015\/thumbs\/thumbs_12.jpg\"\n               data-image-id=\"783\"\n               data-title=\"140714_ikonenkalender_2015_a4.indd\"\n               data-description=\"\"\n               data-image-slug=\"12-4\"\n               class=\"shutterset_ab650df74cc9c629f3c393f542cb9bb9\">\n                <img\n                    title=\"140714_ikonenkalender_2015_a4.indd\"\n                    alt=\"140714_ikonenkalender_2015_a4.indd\"\n                    src=\"https:\/\/www.icons-art.com\/2009\/wp-content\/gallery\/verlag-ikonenkalender-2015\/thumbs\/thumbs_12.jpg\"\n                    width=\"100\"\n                    height=\"141\"\n                    style=\"max-width:100%;\"\n                \/>\n            <\/a>\n        <\/div>\n\t\t\t\t\t\t\t<\/div> \n\t\t\t\n                            \n\t\t\t\t<div id=\"ngg-image-12\" class=\"ngg-gallery-thumbnail-box\" >\n\t\t\t\t        <div class=\"ngg-gallery-thumbnail\">\n            <a href=\"https:\/\/www.icons-art.com\/2009\/wp-content\/gallery\/verlag-ikonenkalender-2015\/13.jpg\"\n               title=\"\"\n               data-src=\"https:\/\/www.icons-art.com\/2009\/wp-content\/gallery\/verlag-ikonenkalender-2015\/13.jpg\"\n               data-thumbnail=\"https:\/\/www.icons-art.com\/2009\/wp-content\/gallery\/verlag-ikonenkalender-2015\/thumbs\/thumbs_13.jpg\"\n               data-image-id=\"784\"\n               data-title=\"140714_ikonenkalender_2015_a4.indd\"\n               data-description=\"\"\n               data-image-slug=\"13-4\"\n               class=\"shutterset_ab650df74cc9c629f3c393f542cb9bb9\">\n                <img\n                    title=\"140714_ikonenkalender_2015_a4.indd\"\n                    alt=\"140714_ikonenkalender_2015_a4.indd\"\n                    src=\"https:\/\/www.icons-art.com\/2009\/wp-content\/gallery\/verlag-ikonenkalender-2015\/thumbs\/thumbs_13.jpg\"\n                    width=\"100\"\n                    height=\"141\"\n                    style=\"max-width:100%;\"\n                \/>\n            <\/a>\n        <\/div>\n\t\t\t\t\t\t\t<\/div> \n\t\t\t\n                            \n\t\t\n\t\t<!-- Pagination -->\n\t<div class='ngg-clear'><\/div>\t<\/div>\n\n<p><a href=\"mailto:info@icons-art.com?Subject=Bestellung%20Ikonenkalender%202014\">Kaufen<\/a><\/p>\n<p><a href=\"http:\/\/www.icons-art.com\/2009\/verlag-publishing-house\/\">Zur\u00fcck zur \u00dcbersicht<\/a><\/p>\n","protected":false},"excerpt":{"rendered":"<p>13 Farbbilder, kurze Beschreibungen 29,7 x 21 cm (DIN A4) Preis: EUR 8,50 zuz\u00fcgl. Versandkosten, incl. Mehrwertsteuer Kaufen Das ideale Geschenk f\u00fcr Freunde der Ikonenkunst und Miniaturmalerei! &nbsp; &nbsp; Kaufen Zur\u00fcck zur \u00dcbersicht<\/p>\n","protected":false},"author":2,"featured_media":0,"parent":426,"menu_order":0,"comment_status":"closed","ping_status":"closed","template":"","meta":{"ngg_post_thumbnail":0,"footnotes":""},"aioseo_notices":[],"_links":{"self":[{"href":"https:\/\/www.icons-art.com\/2009\/wp-json\/wp\/v2\/pages\/825"}],"collection":[{"href":"https:\/\/www.icons-art.com\/2009\/wp-json\/wp\/v2\/pages"}],"about":[{"href":"https:\/\/www.icons-art.com\/2009\/wp-json\/wp\/v2\/types\/page"}],"author":[{"embeddable":true,"href":"https:\/\/www.icons-art.com\/2009\/wp-json\/wp\/v2\/users\/2"}],"replies":[{"embeddable":true,"href":"https:\/\/www.icons-art.com\/2009\/wp-json\/wp\/v2\/comments?post=825"}],"version-history":[{"count":3,"href":"https:\/\/www.icons-art.com\/2009\/wp-json\/wp\/v2\/pages\/825\/revisions"}],"predecessor-version":[{"id":829,"href":"https:\/\/www.icons-art.com\/2009\/wp-json\/wp\/v2\/pages\/825\/revisions\/829"}],"up":[{"embeddable":true,"href":"https:\/\/www.icons-art.com\/2009\/wp-json\/wp\/v2\/pages\/426"}],"wp:attachment":[{"href":"https:\/\/www.icons-art.com\/2009\/wp-json\/wp\/v2\/media?parent=825"}],"curies":[{"name":"wp","href":"https:\/\/api.w.org\/{rel}","templated":true}]}}